{"id":606,"date":"2026-08-22T14:46:43","date_gmt":"2026-08-22T14:46:43","guid":{"rendered":"https:\/\/aepinhel.org\/site\/?page_id=606"},"modified":"2026-09-01T00:31:18","modified_gmt":"2026-09-01T00:31:18","slug":"provas-e-exames","status":"publish","type":"page","link":"https:\/\/aepinhel.org\/site\/provas-e-exames\/","title":{"rendered":"Provas e Exames"},"content":{"rendered":"\n\n\n\n<p [object NamedNodeMap]><font size=\"3\" style=\"font-size: medium;\">Os crit\u00e9rios de avalia\u00e7\u00e3o de um agrupamento (ou escola) s\u00e3o as regras, par\u00e2metros e indicadores definidos pelo pr\u00f3prio estabelecimento de ensino para avaliar o progresso, as aprendizagens e o desempenho dos alunos.<\/font><\/p>\n\n\n\n\n\n\n\n<p style=\"font-size: medium; text-align: justify;\">&#8211;&nbsp;I<span style=\"font-size:medium;\">nstituto de Educa\u00e7\u00e3o, Qualidade e Avalia\u00e7\u00e3o (EduQA) disponibiliza&nbsp; <a href=\"https:\/\/iave.pt\/provas-e-exames\/calendario\/\" target=\"_blank\" \"=\"\">calend\u00e1rio dos exames<\/a>, as <a href=\"https:\/\/iave.pt\/provas-e-exames\/informacoes\/\" target=\"_blank\">informa\u00e7\u00f5es-prova<\/a>, <a href=\"https:\/\/iave.pt\/provas-e-exames\/documentacao-de-apoio\/\" target=\"_blank\">documenta\u00e7\u00e3o de apoio<\/a><\/span>&nbsp;e <a class=\"XqQF9c\" href=\"https:\/\/iave.pt\/provas-e-exames\/arquivo\/\" target=\"_blank\">arquivo de provas<\/a>&nbsp;<a class=\"XqQF9c\" href=\"https:\/\/iave.pt\/provas-e-exames\/arquivo\/\" target=\"_blank\" style=\"color: inherit; text-decoration: none; pointer-events: all; font-family: Lato, sans-serif; font-size: 14.6667px; font-variant-ligatures: none; text-align: justify;\"><span class=\"C9DxTc aw5Odc \" style=\"color: rgb(0, 101, 128); font-size: 14pt; text-decoration: underline; vertical-align: baseline;\"><\/span><\/a><span class=\"C9DxTc \" style=\"color: rgb(33, 33, 33); font-family: Lato, sans-serif; font-variant-ligatures: none; text-align: justify; font-size: 14pt; vertical-align: baseline;\">&nbsp;<\/span><\/p>\n<p style=\"font-size: medium;\">&#8211;&nbsp;<a href=\"https:\/\/eduqa.pt\/provas-e-exames\/\" target=\"_blank\">Not\u00edcias do EduQA sobre Provas e Exames<\/a><\/p>\n<p style=\"font-size: medium; text-align: justify;\">&#8211;&nbsp;<a href=\"https:\/\/diariodarepublica.pt\/dr\/detalhe\/despacho-normativo\/8-b-2026-1150651422\" target=\"_blank\">Despacho Normativo n.\u00ba 8-B\/2026, de 21 de julho<\/a> (despacho normativo que estabelece a \u00e9poca extraordin\u00e1ria dos exames finais nacionais do ensino secund\u00e1rio)<\/p>\n<p style=\"text-align: justify;\"><font size=\"3\">&#8211;&nbsp;<\/font><span style=\"text-align: left;\"><font color=\"#0725ea\" size=\"3\"><a href=\"https:\/\/www.dge.mec.pt\/informacoes-1\" target=\"_blank\">Informa\u00e7\u00f5es disponibilizadas pela Dire\u00e7\u00e3o Geral da Educa\u00e7\u00e3o<\/a><\/font><\/span><\/p>\n\n\n\n\n\n\n<p style=\"text-align: justify;\"><span style=\"font-size:medium;\">&nbsp;<span style=\"\">&#8211;&nbsp;<a href=\"https:\/\/jnepiepe.dge.mec.pt\" target=\"_blank\">PIEPE (Plataforma de Inscri\u00e7\u00e3o Eletr\u00f3nica em Provas e Exames)<\/a> &#8211; As inscri\u00e7\u00f5es para a realiza\u00e7\u00e3o das Provas Finais, das Provas de Equival\u00eancia \u00e0 Fr<\/span><\/span><span style=\"font-size:medium;\">equ\u00eancia, das Provas a N\u00edvel de Escola e dos Exames Nacionais, s\u00e3o efetuadas em <a href=\"https:\/\/jnepiepe.dge.mec.pt\" target=\"_blank\">https:\/\/jnepiepe.dge.mec.pt<\/a><\/span><a href=\"https:\/\/jnepiepe.dge.mec.pt\" target=\"_blank\"><\/a><\/p>\n<p>&nbsp;<span style=\"font-size:medium;\">&#8211; <a href=\"https:\/\/jnepiepe.dge.mec.pt\/files\/Manual_PIEPE_2026.pdf\" target=\"_blank\">Manual de utiliza\u00e7\u00e3o do PIEPE<\/a>&nbsp;&#8211;&nbsp; Cont\u00e9m a informa\u00e7\u00e3o necess\u00e1ria \u00e0 utiliza\u00e7\u00e3o da aplica\u00e7\u00e3o inform\u00e1tica<\/span><\/p>\n<p>&nbsp;<span style=\"font-size:medium;\">&#8211; <a href=\"https:\/\/iave.pt\/provas-e-exames\/arquivo\/\" target=\"_blank\">Arquivo de Provas e Exames<\/a>&nbsp;&#8211;&nbsp; Cont\u00e9m as Provas e Exames dos anos anteriores<\/span><\/p>\n\n\n\n\n\n\n<p style=\"text-align: justify;\"><strong style=\"font-size: medium;\">Provas-Ensaio &#8211;&nbsp;<\/strong><span style=\"font-size: medium; font-weight: 700;\">4.\u00ba, 6.\u00ba e 9.\u00ba anos<\/span><br><span style=\"font-size: medium;\">As Provas de Ensaio destina-se aos alunos&nbsp;<\/span><span style=\"font-size: medium;\">dos 4.\u00ba, 6.\u00ba e 9.\u00ba anos de escolaridade, e apresenta-se como uma medida <\/span><span style=\"font-size: medium;\">que contribuiu para a prepara\u00e7\u00e3o de alunos e escolas para a avalia\u00e7\u00e3o em suporte digital.<\/span><\/p><p style=\"font-size: medium; text-align: justify;\">As Provas-Ensaio ser\u00e3o realizadas nas disciplinas\/ literacias a que se aplicar\u00e3o provas ModA ou Provas Finais do Ensino B\u00e1sico, nomeadamente, Portugu\u00eas (4.\u00ba, 6.\u00ba e 9.\u00ba anos), Matem\u00e1tica (4.\u00ba, 6.\u00ba, 9.\u00ba anos)&nbsp;e Ingl\u00eas (6.\u00ba ano).<\/p><p style=\"text-align: justify;\"><span style=\"font-size: 1.8rem;\"><\/span><\/p>\n<p style=\"text-align: justify;\"><strong style=\"font-size: medium;\">Provas ModA &#8211; 4.\u00ba e 6.\u00ba Ano<\/strong><br><span style=\"text-align: left; font-size: medium;\">As provas ModA ser\u00e3o realizadas pelos 4.\u00ba e 6.\u00ba Anos, em formato eletr\u00f3nico e, embora n\u00e3o contando para a nota final, s\u00e3o de car\u00e1ter obrigat\u00f3rio e ficar\u00e3o registadas na ficha individual do aluno.<br> Para garantir a comparabilidade entre anos letivos, o seu conte\u00fado n\u00e3o \u00e9 tornado p\u00fablico.<\/span><\/p><p style=\"text-align: justify;\"><span style=\"font-size: 1.8rem;\"><\/span><\/p>\n\n\n\n\n\n\n<p style=\"font-size: medium; text-align: justify;\"><strong>Provas finais &#8211; 9.\u00ba ano <\/strong><br>As provas finais do 9.\u00ba ano s\u00e3o de car\u00e1ter obrigat\u00f3rio e contribuem com <strong>30% para a nota final do aluno.<\/strong> <br>A prova de Portugu\u00eas ser\u00e1 realizada em formato digital, enquanto a de Matem\u00e1tica ter\u00e1 um modelo h\u00edbrido (o enunciado \u00e9 digital e as respostas de constru\u00e7\u00e3o s\u00e3o respondidas em folha pr\u00f3pria para posterior digitaliza\u00e7\u00e3o.<\/p>\n\n\n\n\n\n\n<p><strong>Calend\u00e1rio 3\u00aa fase<\/strong><span style=\"font-size:medium;\"><\/span><\/p>\n\n<p>Afixa\u00e7\u00e3o de pautas: <strong>16 de setembro de 2026<\/strong>.<span style=\"font-size:medium;\"><\/span><\/p>\n\n\n\n\n\n\n\n\n","protected":false},"excerpt":{"rendered":"","protected":false},"author":1,"featured_media":0,"parent":0,"menu_order":0,"comment_status":"closed","ping_status":"closed","template":"","meta":{"pagelayer_contact_templates":[],"_pagelayer_content":"","footnotes":""},"class_list":["post-606","page","type-page","status-publish","hentry"],"_links":{"self":[{"href":"https:\/\/aepinhel.org\/site\/wp-json\/wp\/v2\/pages\/606","targetHints":{"allow":["GET"]}}],"collection":[{"href":"https:\/\/aepinhel.org\/site\/wp-json\/wp\/v2\/pages"}],"about":[{"href":"https:\/\/aepinhel.org\/site\/wp-json\/wp\/v2\/types\/page"}],"author":[{"embeddable":true,"href":"https:\/\/aepinhel.org\/site\/wp-json\/wp\/v2\/users\/1"}],"replies":[{"embeddable":true,"href":"https:\/\/aepinhel.org\/site\/wp-json\/wp\/v2\/comments?post=606"}],"version-history":[{"count":21,"href":"https:\/\/aepinhel.org\/site\/wp-json\/wp\/v2\/pages\/606\/revisions"}],"predecessor-version":[{"id":836,"href":"https:\/\/aepinhel.org\/site\/wp-json\/wp\/v2\/pages\/606\/revisions\/836"}],"wp:attachment":[{"href":"https:\/\/aepinhel.org\/site\/wp-json\/wp\/v2\/media?parent=606"}],"curies":[{"name":"wp","href":"https:\/\/api.w.org\/{rel}","templated":true}]}}