{"id":758,"date":"2026-08-30T05:39:12","date_gmt":"2026-08-30T05:39:12","guid":{"rendered":"https:\/\/aepinhel.org\/site\/?page_id=758"},"modified":"2026-09-01T23:17:13","modified_gmt":"2026-09-01T23:17:13","slug":"premios-escolares","status":"publish","type":"page","link":"https:\/\/aepinhel.org\/site\/premios-escolares\/","title":{"rendered":"Pr\u00e9mios Escolares"},"content":{"rendered":"\n\n\n<p><font size=\"3\">Os pr\u00e9mios escolares s\u00e3o reconhecimentos atribu\u00eddos pelo Agrupamento a alunos que se destacam ao longo do ano letivo. O objetivo principal \u00e9 valorizar o esfor\u00e7o, a dedica\u00e7\u00e3o e o m\u00e9rito dos alunos.<\/font><\/p>\n\n\n\n\n\n\n<p style=\"text-align: justify;\"><font size=\"3\">\u201cConsiderando que os pr\u00e9mios escolares dever\u00e3o servir primordialmente para estimular a realiza\u00e7\u00e3o do trabalho escolar e a criatividade individual e coletiva dos alunos.<\/font><\/p><p style=\"text-align: justify;\"><font size=\"3\">Considerando que a licenciada Maria de F\u00e1tima Lencastre Silva Ascenso pretende instituir um pr\u00e9mio escolar com o intuito de ser prestada p\u00fablica e duradoura homenagem a seu pai, Jos\u00e9 da Silva Pardalejo, que, embora possuidor de elevada capacidade intelectual, n\u00e3o p\u00f4de prosseguir estudos, como era seu grande desejo, por falta dos necess\u00e1rios meios econ\u00f3micos.<\/font><\/p><p style=\"text-align: justify;\"><font size=\"3\">Tornando-se necess\u00e1rio regulamentar as condi\u00e7\u00f5es de atribui\u00e7\u00e3o do referido pr\u00e9mio.<\/font><\/p><p style=\"text-align: justify;\"><font size=\"3\">Ao abrigo das disposi\u00e7\u00f5es do Dec.-Lei 367\/79. De 4-9 determino o seguinte:<\/font><\/p><p style=\"text-align: justify;\"><span style=\"font-size: medium;\">&nbsp;1. \u00c9 autorizada a institui\u00e7\u00e3o, na Esc. Prep. de Pinhel, distrito da Guarda, do Pr\u00e9mio Jos\u00e9 da Silva Pardalejo.<\/span><\/p><p style=\"text-align: justify;\"><font size=\"3\">&nbsp;2.\u00c9 aprovado o regulamento do Pr\u00e9mio Jos\u00e9 da Silva Pardalejo, anexo ao presente diploma e que dele faz parte integrante.<\/font><\/p><p style=\"text-align: justify;\"><font size=\"3\">15-07-91. \u2013 O Ministro da Educa\u00e7\u00e3o, Roberto Artur da Luz Carneiro\u201d.<\/font><\/p>\n\n\n\n\n<p style=\"text-align: left;\"><span style=\"font-size:medium;\"><strong>Regulamento do Pr\u00e9mio Jos\u00e9 da Silva Pardalejo &#8211; <a href=\"https:\/\/aepinhel.org\/site\/wp-content\/uploads\/2026\/08\/DiarioRepublica.pdf\" target=\"_blank\">Di\u00e1rio da Rep\u00fablica<\/a><br>\nArtigo 1.\u00ba<\/strong><br>&nbsp; &nbsp; &nbsp; &nbsp; &nbsp; &nbsp; &nbsp;1. O pr\u00e9mio Jos\u00e9 da Silva Pardalejo, a conceder anualmente, destina-se a premiar o aluno ou a aluna que, na Esc. Prep. de Pinhel distrito da Guarda, conclua a escolaridade obrigat\u00f3ria, reunindo cumulativamente as seguintes condi\u00e7\u00f5es:<br>&nbsp; &nbsp; &nbsp; &nbsp; &nbsp; &nbsp; &nbsp; &nbsp; &nbsp; &nbsp; &nbsp;&#8211; Disponha de reduzidos recursos econ\u00f3micos;<br><\/span><span style=\"font-size: medium;\">&nbsp; &nbsp; &nbsp; &nbsp; &nbsp; &nbsp; &nbsp; &nbsp; &nbsp; &nbsp; &nbsp;&#8211; <\/span><span style=\"font-size:medium;\">Obtenha bom aproveitamento escolar;<br><\/span><span style=\"font-size: medium;\">&nbsp; &nbsp; &nbsp; &nbsp; &nbsp; &nbsp; &nbsp; &nbsp; &nbsp; &nbsp; &nbsp;&#8211; <\/span><span style=\"font-size:medium;\">Manifeste exemplar comportamento moral;<br><\/span><span style=\"font-size: medium;\">&nbsp; &nbsp; &nbsp; &nbsp; &nbsp; &nbsp; &nbsp;2. <\/span><span style=\"font-size:medium;\">Quando houver mais de um aluno ou aluna nas condi\u00e7\u00f5es referidas ao n\u00famero anterior, ter-se-\u00e1 em conta, para atribui\u00e7\u00e3o do Pr\u00e9mio e por ordem de prioridade, o mais novo ou nova.<br><\/span><span style=\"font-size: medium;\">&nbsp; &nbsp; &nbsp; &nbsp; &nbsp; &nbsp; &nbsp;3.&nbsp;<\/span><span style=\"font-size:medium;\">&nbsp;A comiss\u00e3o gestora referida no artigo seguinte proceder\u00e1 \u00e0 escolha do aluno ou aluna a premiar, devendo a decis\u00e3o constar de ata.<br><strong>\nArtigo 2.\u00ba<\/strong><br><\/span><span style=\"font-size: medium;\">&nbsp; &nbsp; &nbsp; &nbsp; &nbsp; &nbsp; &nbsp;1. <\/span><span style=\"font-size:medium;\">O suporte financeiro do Pr\u00e9mio \u00e9 constituido por um dep\u00f3sito a prazo na Caixa Geral de Dep\u00f3sitos, da import\u00e2ncia de 500 000$, que ser\u00e1 o capital base.<br><\/span><span style=\"font-size: medium;\">&nbsp; &nbsp; &nbsp; &nbsp; &nbsp; &nbsp; &nbsp;2. <\/span><span style=\"font-size:medium;\">Os rendimentos do capital base do Pr\u00e9mio ser\u00e3o transferidos para dep\u00f3sito \u00e0 ordem de uma comiss\u00e3o gestora.<br><\/span><span style=\"font-size: medium;\">&nbsp; &nbsp; &nbsp; &nbsp; &nbsp; &nbsp; &nbsp;3. <\/span><span style=\"font-size:medium;\">O Conselho diretivo da Escola onde \u00e9 institu\u00eddo o Pr\u00e9mio ser\u00e1 a comiss\u00e3o gestora, a quem, compete a gest\u00e3o do capital base e seus rendimentos.<br><strong>\nArtigo 3.\u00ba<\/strong><br><\/span><span style=\"font-size: medium;\">&nbsp; &nbsp; &nbsp; &nbsp; &nbsp; &nbsp; &nbsp;<\/span><span style=\"font-size:medium;\">A gest\u00e3o dos dep\u00f3sitos banc\u00e1rios obedecer\u00e1 \u00e1s seguintes regras:<br><\/span><span style=\"font-size: medium;\">&nbsp; &nbsp; &nbsp; &nbsp; &nbsp; &nbsp; &nbsp;a)&nbsp;<\/span><span style=\"font-size:medium;\">Em 1991 ser\u00e1 destinada a quantia de 50 000$ para o Pr\u00e9mio, a qual ser\u00e1 entregue pela instituidora, em virtude de n\u00e3o poder ser retirada ainda dos juros do capital base;<br><\/span><span style=\"font-size: medium;\">&nbsp; &nbsp; &nbsp; &nbsp; &nbsp; &nbsp; &nbsp;b)&nbsp;<\/span><span style=\"font-size:medium;\">Nos anos seguintes, o Pr\u00e9mio ser\u00e1 constitu\u00eddo pelo montante correspondente ao rendimento anual do capital base;<br><\/span><span style=\"font-size: medium;\">&nbsp; &nbsp; &nbsp; &nbsp; &nbsp; &nbsp; &nbsp;c)&nbsp;<\/span><span style=\"font-size:medium;\">Os casos omissos ser\u00e3o resolvidos por maioria dos elementos que constituem a comiss\u00e3o gestora, dentro do esp\u00edrito que presidiu \u00e0 institui\u00e7\u00e3o do Pr\u00e9mio;<br><strong>\nArtigo 4.\u00ba<\/strong><br><\/span><span style=\"font-size: medium;\">&nbsp; &nbsp; &nbsp; &nbsp; &nbsp; &nbsp; &nbsp;1. <\/span><span style=\"font-size:medium;\">O montante do Pr\u00e9mio desdobrar-se-\u00e1 numa parcela pecuni\u00e1ria e noutra comemorativa, sendo esta constitu\u00edda por um livro ou publica\u00e7\u00e3o de natureza cient\u00edfica ou cultural, de valor compreendido entre 10% e 20% do total.\n<br><\/span><span style=\"font-size: medium;\">&nbsp; &nbsp; &nbsp; &nbsp; &nbsp; &nbsp; &nbsp;2. <\/span><span style=\"font-size:medium;\">Com o pr\u00e9mio o aluno ou aluna receber\u00e3o um diploma, que resultar\u00e1 em cada ano, de um concurso de trabalhos executados por alunos do ano terminal da mesma Escola, sendo o trabalho escolhido premiado com a import\u00e2ncia de 3000$, oferecida pela instituidora.<br><\/span><span style=\"font-size: medium;\">&nbsp; &nbsp; &nbsp; &nbsp; &nbsp; &nbsp; &nbsp;3. <\/span><span style=\"font-size:medium;\">A entrega do Pr\u00e9mio e do diploma ser\u00e1 feita ao in\u00edcio do ano escolar seguinte em sess\u00e3o p\u00fablica, para que ser\u00e1 convidado o homenageado ou um seu representante e na qual estar\u00e3o presentes os professores e alunosda escola.<br><strong>\nArtigo 5.\u00ba<\/strong><br><\/span><span style=\"font-size: medium;\">&nbsp; &nbsp; &nbsp; &nbsp; &nbsp; &nbsp; &nbsp;<\/span><span style=\"font-size:medium;\">Poder\u00e1 eventualmente o Pr\u00e9mio Jos\u00e9 da Silva Pardalejo, agora instituido na Esc. Prep. de Pinhel, transitar para outro estabelecimento de ensino oficial tamb\u00e9m localizado em Pinhel, se o ensino da escolaridade obrigat\u00f3ria assim o impuser.<\/span><\/p><span style=\"font-size:medium;\"><\/span>\n\n\n\n\n\n\n<p style=\"text-align: justify;\"><span style=\"font-size: medium;\">1.\u00ba<\/span><span style=\"font-size: medium; white-space: pre;\">\t<\/span><span style=\"font-size: medium;\">1990\/1991<\/span><span style=\"font-size: medium; white-space: pre;\">\t<\/span><span style=\"font-size: medium;\">Cristina da Concei\u00e7\u00e3o Pinheiro<\/span><\/p><p style=\"text-align: justify;\"><font size=\"3\">2.\u00ba<span style=\"white-space:pre\">\t<\/span>1991\/1992<span style=\"white-space:pre\">\t<\/span>Jo\u00e3o Alfredo Cabral Ferreira<\/font><\/p><p style=\"text-align: justify;\"><font size=\"3\">3.\u00ba<span style=\"white-space:pre\">\t<\/span>1992\/1993<span style=\"white-space:pre\">\t<\/span>Lu\u00eds Manuel Aquino Domingos<\/font><\/p><p style=\"text-align: justify;\"><font size=\"3\">4.\u00ba<span style=\"white-space:pre\">\t<\/span>1993\/1994<span style=\"white-space:pre\">\t<\/span>M\u00e1rcia Malv\u00e3o do Nascimento Sousa<\/font><\/p><p style=\"text-align: justify;\"><font size=\"3\">5.\u00ba<span style=\"white-space:pre\">\t<\/span>1994\/1995<span style=\"white-space:pre\">\t<\/span>C\u00e1tia Sofia Br\u00e1s<\/font><\/p><p style=\"text-align: justify;\"><font size=\"3\">6.\u00ba<span style=\"white-space:pre\">\t<\/span>1995\/1996<span style=\"white-space:pre\">\t<\/span>Ant\u00f3nio Francisco Fernandes Pina<\/font><\/p><p style=\"text-align: justify;\"><font size=\"3\">7.\u00ba<span style=\"white-space:pre\">\t<\/span>1996\/1997<span style=\"white-space:pre\">\t<\/span>Irene Carolina dos Santos<\/font><\/p><p style=\"text-align: justify;\"><font size=\"3\">8.\u00ba<span style=\"white-space:pre\">\t<\/span>1997\/1998<span style=\"white-space:pre\">\t<\/span>Vera L\u00facia do Nascimento Guilhoto<\/font><\/p><p style=\"text-align: justify;\"><font size=\"3\">9.\u00ba<span style=\"white-space:pre\">\t<\/span>1998\/1999<span style=\"white-space:pre\">\t<\/span>Bruno Manuel Matos Caetano<\/font><\/p><p style=\"text-align: justify;\"><font size=\"3\">10.\u00ba<span style=\"white-space:pre\">\t<\/span>1999\/2000<span style=\"white-space:pre\">\t<\/span>Cristiana da Silva Marques<\/font><\/p><p style=\"text-align: justify;\"><font size=\"3\">11.\u00ba<span style=\"white-space:pre\">\t<\/span>2000\/2001<span style=\"white-space:pre\">\t<\/span>Melissa Pereira Alves<\/font><\/p><p style=\"text-align: justify;\"><font size=\"3\">12.\u00ba<span style=\"white-space:pre\">\t<\/span>2001\/2002<span style=\"white-space:pre\">\t<\/span>M\u00f3nica Liliana dos Anjos Tavares<\/font><\/p><p style=\"text-align: justify;\"><font size=\"3\">13.\u00ba<span style=\"white-space:pre\">\t<\/span>2002\/2003<span style=\"white-space:pre\">\t<\/span>Maria Jos\u00e9 Guerra Farias<\/font><\/p><p style=\"text-align: justify;\"><font size=\"3\">14.\u00ba<span style=\"white-space:pre\">\t<\/span>2003\/2004<span style=\"white-space:pre\">\t<\/span>Cl\u00e1udia Raquel Santos Martins<\/font><\/p><p style=\"text-align: justify;\"><font size=\"3\">15.\u00ba<span style=\"white-space:pre\">\t<\/span>2004\/2005<span style=\"white-space:pre\">\t<\/span>Telma Marisa Bernardino Neves<\/font><\/p><p style=\"text-align: justify;\"><font size=\"3\">16.\u00ba<span style=\"white-space:pre\">\t<\/span>2005\/2006<span style=\"white-space:pre\">\t<\/span>Liliana Rocha Parada<\/font><\/p><p style=\"text-align: justify;\"><font size=\"3\">17.\u00ba<span style=\"white-space:pre\">\t<\/span>2006\/2007<span style=\"white-space:pre\">\t<\/span>Filipe Emanuel Carvalho da Silva<\/font><\/p><p style=\"text-align: justify;\"><font size=\"3\">18.\u00ba<span style=\"white-space:pre\">\t<\/span>2007\/2008<span style=\"white-space:pre\">\t<\/span>Diogo Gon\u00e7alo Hermenegildo Pereira<\/font><\/p><p style=\"text-align: justify;\"><font size=\"3\">19.\u00ba<span style=\"white-space:pre\">\t<\/span>2008\/2009<span style=\"white-space:pre\">\t<\/span>Sara Daniela Pires Miguel<\/font><\/p><p style=\"text-align: justify;\"><font size=\"3\">20.\u00ba<span style=\"white-space:pre\">\t<\/span>2009\/2010<span style=\"white-space:pre\">\t<\/span>Catarina Figueiredo Pina<\/font><\/p><p style=\"text-align: justify;\"><font size=\"3\">21.\u00ba<span style=\"white-space:pre\">\t<\/span>2010\/2011<span style=\"white-space:pre\">\t<\/span>Ana Marisa Gon\u00e7alves Pinheiro<\/font><\/p><p style=\"text-align: justify;\"><font size=\"3\">22.\u00ba<span style=\"white-space:pre\">\t<\/span>2011\/2012<span style=\"white-space:pre\">\t<\/span>Rosa Alexandra de Fernandes Peixe<\/font><\/p><p style=\"text-align: justify;\"><font size=\"3\">23.\u00ba<span style=\"white-space:pre\">\t<\/span>2012\/2013<span style=\"white-space:pre\">\t<\/span>Leandro Miguel Torres Cabral<\/font><\/p><p style=\"text-align: justify;\"><font size=\"3\">24.\u00ba<span style=\"white-space:pre\">\t<\/span>2013\/2014<span style=\"white-space:pre\">\t<\/span>Lara Joana Paulino dos Santos<\/font><\/p><p style=\"text-align: justify;\"><font size=\"3\">25.\u00ba<span style=\"white-space:pre\">\t<\/span>2014\/2015<span style=\"white-space:pre\">\t<\/span>Leandro Soares da Silva<\/font><\/p><p style=\"text-align: justify;\"><font size=\"3\">26.\u00ba<span style=\"white-space:pre\">\t<\/span>2015\/2016<span style=\"white-space:pre\">\t<\/span>Ana Catarina Patr\u00edcio Monteiro<\/font><\/p><p style=\"text-align: justify;\"><font size=\"3\">27.\u00ba<span style=\"white-space:pre\">\t<\/span>2016\/2017<span style=\"white-space:pre\">\t<\/span>Soraia Santos Pedro<\/font><\/p><p style=\"text-align: justify;\"><font size=\"3\">28.\u00ba<span style=\"white-space:pre\">\t<\/span>2017\/2018<span style=\"white-space:pre\">\t<\/span>Beatriz dos Santos Fernandes<\/font><\/p><p style=\"text-align: justify;\"><font size=\"3\">29.\u00ba<span style=\"white-space:pre\">\t<\/span>2018\/2019<span style=\"white-space:pre\">\t<\/span>Emanuel Filipe Fonseca Branquinho<\/font><\/p><p style=\"text-align: justify;\"><font size=\"3\">30.\u00ba<span style=\"white-space:pre\">\t<\/span>2019\/2020<span style=\"white-space:pre\">\t<\/span>Afonso Alves Coelho<\/font><\/p><p style=\"text-align: justify;\"><font size=\"3\">31.\u00ba<span style=\"white-space:pre\">\t<\/span>2020\/2021<span style=\"white-space:pre\">\t<\/span>Joel Soares Tavares<\/font><\/p><p style=\"text-align: justify;\"><font size=\"3\">32.\u00ba<span style=\"white-space:pre\">\t<\/span>2021\/2022<span style=\"white-space:pre\">\t<\/span>Martim Pires Gaspar<\/font><\/p><p style=\"text-align: justify;\"><font size=\"3\">33.\u00ba<span style=\"white-space:pre\">\t<\/span>2022\/2023<span style=\"white-space:pre\">\t<\/span>Gon\u00e7alo Jos\u00e9 Mateus Sim\u00f5es<\/font><\/p><p style=\"text-align: justify;\"><font size=\"3\">34.\u00ba<span style=\"white-space:pre\">\t<\/span>2023\/2024<span style=\"white-space:pre\">\t<\/span>Mariana Isabel Santos Silva<\/font><\/p><p style=\"text-align: justify;\"><font size=\"3\">35.\u00ba<span style=\"white-space:pre\">\t<\/span>2024\/2025<span style=\"white-space:pre\">\t<\/span><\/font><span style=\"text-align: left;\"><font size=\"3\">Guilherme Carvalho Pinto<\/font><\/span><\/p>\n\n\n\n\n\n\n\n\n\n\n<p style=\"text-align: justify;\"><font size=\"3\">O Quadro de M\u00e9rito e o Quadro de Honra foram criados para premiar os alunos que alcancem os melhores resultados escolares, de acordo com o artigo 121\u00ba do Regulamento Interno.<\/font><\/p><p style=\"text-align: justify;\"><font size=\"3\">&#8211; <strong>Quadro de M\u00e9rito &#8211; no final do 1.\u00ba e 2.\u00ba per\u00edodo<\/strong>s dever\u00e1 ser elaborado um quadro de m\u00e9rito onde constem os 3 alunos de cada turma que apresentem os melhores resultados escolares;<\/font><\/p><p style=\"text-align: justify;\"><font size=\"3\">&#8211; <strong>Quadro de Honra &#8211; no final de cada ano letivo o conselho pedag\u00f3gico<\/strong>, mediante proposta dos conselhos de turma, elaborar\u00e1 uma lista por ano de escolaridade, onde constem os 3 alunos com melhores resultados escolares.&nbsp;<\/font><\/p>\n\n<p><font size=\"3\" style=\"text-align: justify;\"><span style=\"font-weight: bolder;\">Lista dos alunos <\/span><\/font><font size=\"3\"><span style=\"font-weight: bolder;\">nomeados:<\/span><\/font><\/p>\n<p\u00a0style=\"text-align: justify;\"=\"\"><font size=\"3\"><\/font>\n<\/p\u00a0style=\"text-align:>\n\n\n\n\n\n\n\n<p style=\"text-align: justify;\"><font size=\"3\">O Quadro de Honra &#8211; M\u00e9rito C\u00edvico e de Valor pretende reconhecer alunos por ano de escolaridade, no ensino b\u00e1sico e secund\u00e1rio (cursos regulares e profissionais), que tenham evidenciado reconhecido valor, excel\u00eancia e exemplaridade nos dom\u00ednios pessoal, social e enquanto cidad\u00e3o.&nbsp;&nbsp;<\/font><\/p>\n\n<p style=\"text-align: justify;\"><font size=\"3\"><strong>Lista dos alunos&nbsp;<\/strong><\/font><span style=\"text-align: left;\"><font size=\"3\"><b>nomeados:<\/b><\/font><\/span><\/p>\n\n\n\n\n<span style=\"font-size:medium;\">Beatriz Pereira Coelho &#8211; 9\u00baC<br>Manuel Jos\u00e9 Cabral Pinheiro &#8211; 9\u00baB<br><\/span><span style=\"font-size: medium;\">Manuel J\u00falio Correia Saraiva dos Santos Bernardo<\/span><span style=\"font-size:medium;\">&nbsp;&#8211; 7\u00baB<br>Maria Cristina Soeiro Tavares &#8211; 9\u00baA<br>Rita Videira Figueiredo &#8211; 5\u00baA<br>Yi Chen Shi &#8211; 5\u00baC<br><\/span>\n\n\n\n\n\n\n<span style=\"font-size:medium;\">Afonso Gil Antunes &#8211; 6\u00baB <br>\nBeatriz dos Santos Fernandes &#8211; 12\u00ba B <br>\nJoel Soares Tavares &#8211; 9\u00baB <br>\nJos\u00e9 Pedro Carrega &#8211; 8\u00baA <br>\nManuel J\u00falio Correia Saraiva dos Santos Bernardo &#8211; 6\u00baB <br>\nMariana Campos Monteiro &#8211; 12\u00baA <br>\nRodrigo Aguiar Tom\u00e9 &#8211; 11\u00baD <br>\nVera L\u00facia carvalho Gon\u00e7alves &#8211; 7\u00baA\n\n\n\n<\/span>\n\n\n\n\n\n\n\n\n","protected":false},"excerpt":{"rendered":"","protected":false},"author":1,"featured_media":0,"parent":0,"menu_order":0,"comment_status":"closed","ping_status":"closed","template":"","meta":{"pagelayer_contact_templates":[],"_pagelayer_content":"","footnotes":""},"class_list":["post-758","page","type-page","status-publish","hentry"],"_links":{"self":[{"href":"https:\/\/aepinhel.org\/site\/wp-json\/wp\/v2\/pages\/758","targetHints":{"allow":["GET"]}}],"collection":[{"href":"https:\/\/aepinhel.org\/site\/wp-json\/wp\/v2\/pages"}],"about":[{"href":"https:\/\/aepinhel.org\/site\/wp-json\/wp\/v2\/types\/page"}],"author":[{"embeddable":true,"href":"https:\/\/aepinhel.org\/site\/wp-json\/wp\/v2\/users\/1"}],"replies":[{"embeddable":true,"href":"https:\/\/aepinhel.org\/site\/wp-json\/wp\/v2\/comments?post=758"}],"version-history":[{"count":35,"href":"https:\/\/aepinhel.org\/site\/wp-json\/wp\/v2\/pages\/758\/revisions"}],"predecessor-version":[{"id":859,"href":"https:\/\/aepinhel.org\/site\/wp-json\/wp\/v2\/pages\/758\/revisions\/859"}],"wp:attachment":[{"href":"https:\/\/aepinhel.org\/site\/wp-json\/wp\/v2\/media?parent=758"}],"curies":[{"name":"wp","href":"https:\/\/api.w.org\/{rel}","templated":true}]}}